{"id":96446,"date":"2025-04-16T11:28:10","date_gmt":"2025-04-16T11:28:10","guid":{"rendered":"http:\/\/therezia.ro\/product\/branza-de-vaci\/"},"modified":"2025-05-08T15:09:11","modified_gmt":"2025-05-08T15:09:11","slug":"branza-de-vaci","status":"publish","type":"product","link":"https:\/\/therezia.ro\/hu\/product\/branza-de-vaci\/","title":{"rendered":"Teh\u00e9nt\u00far\u00f3"},"content":{"rendered":"<p><span style=\"font-weight: 400;\">Helyi gazdas\u00e1gokb\u00f3l sz\u00e1rmaz\u00f3 teh\u00e9ntejb\u0151l k\u00e9sz\u00fclt t\u00far\u00f3, amely tiszta \u00edz\u00e9vel \u00e9s kellemes \u00e1llag\u00e1val k\u00f6nnyed\u00e9n beilleszthet\u0151 b\u00e1rmilyen \u00e9telbe. L\u00e1gy text\u00far\u00e1ja \u00e9s enyhe \u00edze t\u00f6k\u00e9letes v\u00e1laszt\u00e1ss\u00e1 teszi s\u00f3s \u00e9s \u00e9des receptekhez egyar\u00e1nt.<br \/>\nAk\u00e1r \u00f6nmag\u00e1ban fogyasztva, ak\u00e1r t\u00f6ltel\u00e9kekhez, s\u00fctem\u00e9nyekhez vagy rakott \u00e9telekhez haszn\u00e1lva, mindig frissess\u00e9get \u00e9s term\u00e9szetes \u00edzt visz a t\u00e1ny\u00e9rra.<\/span><\/p>\n","protected":false},"excerpt":{"rendered":"<p>Helyi gazdas\u00e1gokb\u00f3l sz\u00e1rmaz\u00f3 teh\u00e9ntejb\u0151l k\u00e9sz\u00fclt t\u00far\u00f3, amely tiszta \u00edz\u00e9vel \u00e9s kellemes \u00e1llag\u00e1val k\u00f6nnyed\u00e9n beilleszthet\u0151 b\u00e1rmilyen \u00e9telbe. L\u00e1gy text\u00far\u00e1ja \u00e9s enyhe \u00edze t\u00f6k\u00e9letes v\u00e1laszt\u00e1ss\u00e1 teszi s\u00f3s \u00e9s \u00e9des receptekhez egyar\u00e1nt. Ak\u00e1r \u00f6nmag\u00e1ban fogyasztva, ak\u00e1r t\u00f6ltel\u00e9kekhez, s\u00fctem\u00e9nyekhez vagy rakott \u00e9telekhez haszn\u00e1lva, mindig frissess\u00e9get \u00e9s term\u00e9szetes \u00edzt visz a t\u00e1ny\u00e9rra.<\/p>\n","protected":false},"featured_media":96115,"comment_status":"open","ping_status":"closed","template":"","meta":{"inline_featured_image":false},"product_brand":[],"product_cat":[397],"product_tag":[],"class_list":{"0":"post-96446","1":"product","2":"type-product","3":"status-publish","4":"has-post-thumbnail","6":"product_cat-friss-asztali-tejtermekek","7":"description-off","9":"first","10":"instock","11":"shipping-taxable","12":"purchasable","13":"product-type-simple"},"_links":{"self":[{"href":"https:\/\/therezia.ro\/hu\/wp-json\/wp\/v2\/product\/96446","targetHints":{"allow":["GET"]}}],"collection":[{"href":"https:\/\/therezia.ro\/hu\/wp-json\/wp\/v2\/product"}],"about":[{"href":"https:\/\/therezia.ro\/hu\/wp-json\/wp\/v2\/types\/product"}],"replies":[{"embeddable":true,"href":"https:\/\/therezia.ro\/hu\/wp-json\/wp\/v2\/comments?post=96446"}],"wp:featuredmedia":[{"embeddable":true,"href":"https:\/\/therezia.ro\/hu\/wp-json\/wp\/v2\/media\/96115"}],"wp:attachment":[{"href":"https:\/\/therezia.ro\/hu\/wp-json\/wp\/v2\/media?parent=96446"}],"wp:term":[{"taxonomy":"product_brand","embeddable":true,"href":"https:\/\/therezia.ro\/hu\/wp-json\/wp\/v2\/product_brand?post=96446"},{"taxonomy":"product_cat","embeddable":true,"href":"https:\/\/therezia.ro\/hu\/wp-json\/wp\/v2\/product_cat?post=96446"},{"taxonomy":"product_tag","embeddable":true,"href":"https:\/\/therezia.ro\/hu\/wp-json\/wp\/v2\/product_tag?post=96446"}],"curies":[{"name":"wp","href":"https:\/\/api.w.org\/{rel}","templated":true}]}}