{"id":96658,"date":"2025-04-08T12:29:17","date_gmt":"2025-04-08T12:29:17","guid":{"rendered":"http:\/\/therezia.ro\/the7_project\/fondue-cu-branzeturi-therezia\/"},"modified":"2025-05-22T11:17:09","modified_gmt":"2025-05-22T11:17:09","slug":"fondue-cu-branzeturi-therezia","status":"publish","type":"the7_project","link":"https:\/\/therezia.ro\/hu\/the7_project\/fondue-cu-branzeturi-therezia\/","title":{"rendered":"Fond\u00fc Therezia sajtokb\u00f3l"},"content":{"rendered":"\t\t<div data-elementor-type=\"wp-post\" data-elementor-id=\"96658\" class=\"elementor elementor-96658 elementor-94982\" data-elementor-post-type=\"the7_project\">\n\t\t\t\t<div class=\"elementor-element elementor-element-a55687f e-con-full e-flex e-con e-parent\" data-id=\"a55687f\" data-element_type=\"container\" data-settings=\"{&quot;background_background&quot;:&quot;classic&quot;}\">\n\t\t<div class=\"elementor-element elementor-element-0980357 e-con-full e-flex e-con e-child\" data-id=\"0980357\" data-element_type=\"container\">\n\t\t\t\t<div class=\"elementor-element elementor-element-a501181 elementor-widget__width-initial elementor-widget elementor-widget-heading\" data-id=\"a501181\" data-element_type=\"widget\" data-widget_type=\"heading.default\">\n\t\t\t\t<div class=\"elementor-widget-container\">\n\t\t\t\t\t<h1 class=\"elementor-heading-title elementor-size-default\">Fond\u00fc Therezia sajtokb\u00f3l<\/h1>\t\t\t\t<\/div>\n\t\t\t\t<\/div>\n\t\t\t\t<div class=\"elementor-element elementor-element-c0ac11b elementor-widget__width-initial calitate ingrediente elementor-widget elementor-widget-text-editor\" data-id=\"c0ac11b\" data-element_type=\"widget\" data-widget_type=\"text-editor.default\">\n\t\t\t\t<div class=\"elementor-widget-container\">\n\t\t\t\t\t\t\t\t\t<h3>Hozz\u00e1val\u00f3k:<\/h3><ul><li data-stringify-indent=\"0\" data-stringify-border=\"0\"><em><strong>200 g<\/strong> <span style=\"font-weight: 400;\">Therezia sajt<\/span><\/em><\/li><li data-stringify-indent=\"0\" data-stringify-border=\"0\"><em><strong>150 g<\/strong> <span style=\"font-weight: 400;\">olvasztott Therezia sajt <\/span><i><span style=\"font-weight: 400;\">(vagy burduf t\u00far\u00f3 az intenz\u00edvebb \u00edz\u00e9rt)<\/span><\/i><\/em><\/li><li data-stringify-indent=\"0\" data-stringify-border=\"0\"><em><strong>100 ml<\/strong> <span style=\"font-weight: 400;\">Therezia tejf\u00f6l<\/span><span style=\"font-weight: 400;\"><br \/><\/span><\/em><\/li><li data-stringify-indent=\"0\" data-stringify-border=\"0\"><strong>100 ml<\/strong> <span style=\"font-weight: 400;\">tej <\/span><i><span style=\"font-weight: 400;\">(vagy v\u00edz, ha k\u00f6nnyedebb v\u00e1ltozatot szeretn\u00e9l)<\/span><\/i><i><span style=\"font-weight: 400;\"><br \/><\/span><\/i><\/li><li data-stringify-indent=\"0\" data-stringify-border=\"0\"><em><strong>1 <span style=\"font-weight: 400;\"><strong>ev\u0151kan\u00e1l<\/strong> vaj<\/span><span style=\"font-weight: 400;\"><br \/><\/span><\/strong><\/em><\/li><li data-stringify-indent=\"0\" data-stringify-border=\"0\"><strong>1 <span style=\"font-weight: 400;\"><strong>te\u00e1skan\u00e1l<\/strong> \u00e9tkez\u00e9si kem\u00e9ny\u00edt\u0151 <\/span><i><span style=\"font-weight: 400;\">(opcion\u00e1lis, a text\u00far\u00e1hoz)<\/span><\/i><i><span style=\"font-weight: 400;\"><br \/><\/span><\/i><\/strong><\/li><li data-stringify-indent=\"0\" data-stringify-border=\"0\"><span style=\"font-weight: 400;\">Egy csipet szerecsendi\u00f3<\/span><\/li><li data-stringify-indent=\"0\" data-stringify-border=\"0\"><span style=\"font-weight: 400;\">S\u00f3 \u00e9s bors \u00edzl\u00e9s szerint<\/span><span style=\"font-weight: 400;\"><br \/><\/span><\/li><li data-stringify-indent=\"0\" data-stringify-border=\"0\"><i><span style=\"font-weight: 400;\">(Opcion\u00e1lisan)<\/span><\/i><span style=\"font-weight: 400;\"> 1 gerezd fokhagyma \u2013 az ed\u00e9ny oldal\u00e1ba d\u00f6rzs\u00f6lve, az \u00edz kedv\u00e9\u00e9rt<\/span><\/li><\/ul><h3><strong>T\u00e1lal\u00e1shoz javasolt:<\/strong><\/h3><ul><li><span style=\"font-weight: 400;\">Rusztikus keny\u00e9rkock\u00e1k<\/span><span style=\"font-weight: 400;\"><br \/><\/span><\/li><li><span style=\"font-weight: 400;\">Enyh\u00e9n p\u00e1rolt z\u00f6lds\u00e9gek<\/span><span style=\"font-weight: 400;\"><br \/><\/span><\/li><li><span style=\"font-weight: 400;\">S\u00f3s kekszek<\/span><\/li><li style=\"font-weight: 400;\" aria-level=\"1\"><span style=\"font-weight: 400;\">\u00dajburgonya vagy m\u00e1s kedvenc k\u00f6ret<\/span><\/li><\/ul>\t\t\t\t\t\t\t\t<\/div>\n\t\t\t\t<\/div>\n\t\t\t\t<div class=\"elementor-element elementor-element-4be25a6 elementor-widget__width-initial calitate elementor-widget elementor-widget-text-editor\" data-id=\"4be25a6\" data-element_type=\"widget\" data-widget_type=\"text-editor.default\">\n\t\t\t\t<div class=\"elementor-widget-container\">\n\t\t\t\t\t\t\t\t\t<h3>Elk\u00e9sz\u00edt\u00e9s:<\/h3><p><span style=\"font-weight: 400;\">El\u0151sz\u00f6r k\u00e9sz\u00edtsd el\u0151 a fond\u00fced\u00e9nyt: v\u00e1gj f\u00e9lbe egy fokhagymagerezdet, \u00e9s d\u00f6rzs\u00f6ld be vele az ed\u00e9ny fal\u00e1t \u2013 ez diszkr\u00e9t, arom\u00e1s \u00edzt ad.<\/span><\/p><p><span style=\"font-weight: 400;\">Egy vastag alj\u00fa fond\u00fced\u00e9nyben (vagy kis l\u00e1basban) olvaszd fel a vajat, majd \u00f6ntsd hozz\u00e1 a tejet \u00e9s a tejf\u00f6lt. Meleg\u00edtsd alacsony l\u00e1ngon, ne forrald. Ezut\u00e1n fokozatosan adagold hozz\u00e1 a reszelt sajtot \u00e9s az olvasztott sajtot. Folyamatosan keverd, am\u00edg sima, egynem\u0171 sz\u00f3szt kapsz.<\/span><\/p><p><span style=\"font-weight: 400;\">Ha a fond\u00fc t\u00fal h\u00edg vagy darabos, keverj el egy te\u00e1skan\u00e1l kem\u00e9ny\u00edt\u0151t kev\u00e9s v\u00edzben, \u00e9s add hozz\u00e1 a m\u00e1rt\u00e1shoz. Ez selymesebb \u00e1llagot ad.<\/span><\/p><p><span style=\"font-weight: 400;\">F\u0171szerezd szerecsendi\u00f3val, s\u00f3val \u00e9s borssal \u00edzl\u00e9s szerint, majd tartsd melegen t\u00e1lal\u00e1sig \u2013 p\u00e9ld\u00e1ul fond\u00fcmeleg\u00edt\u0151n vagy gyerty\u00e1val meleg\u00edtett al\u00e1t\u00e9ten.<\/span><\/p><p><span style=\"font-weight: 400;\">T\u00e1lald melegen, keny\u00e9rkock\u00e1kkal vagy m\u00e1s m\u00e1rtogat\u00f3s falatokkal.<\/span><\/p>\t\t\t\t\t\t\t\t<\/div>\n\t\t\t\t<\/div>\n\t\t\t\t<\/div>\n\t\t<div class=\"elementor-element elementor-element-feaaf7e e-con-full e-flex e-con e-child\" data-id=\"feaaf7e\" data-element_type=\"container\" data-settings=\"{&quot;background_background&quot;:&quot;classic&quot;}\">\n\t\t\t\t<\/div>\n\t\t\t\t<\/div>\n\t\t<div class=\"elementor-element elementor-element-a1bf636 e-flex e-con-boxed e-con e-parent\" data-id=\"a1bf636\" data-element_type=\"container\" data-settings=\"{&quot;background_background&quot;:&quot;gradient&quot;}\">\n\t\t\t\t\t<div class=\"e-con-inner\">\n\t\t\t\t<div class=\"elementor-element elementor-element-223899b elementor-widget elementor-widget-heading\" data-id=\"223899b\" data-element_type=\"widget\" data-widget_type=\"heading.default\">\n\t\t\t\t<div class=\"elementor-widget-container\">\n\t\t\t\t\t<h2 class=\"elementor-heading-title elementor-size-default\">Ellen\u00e1llhatatlan receptjeink:<\/h2>\t\t\t\t<\/div>\n\t\t\t\t<\/div>\n\t\t\t\t<div class=\"elementor-element elementor-element-2e7b8d5 elementor-widget__width-initial elementor-widget-mobile__width-inherit elementor-widget elementor-widget-text-editor\" data-id=\"2e7b8d5\" data-element_type=\"widget\" data-widget_type=\"text-editor.default\">\n\t\t\t\t<div class=\"elementor-widget-container\">\n\t\t\t\t\t\t\t\t\t<p><span style=\"font-weight: 400;\">Hagyom\u00e1nyos receptek, term\u00e9szetes hozz\u00e1val\u00f3k \u00e9s egy csipetnyi kreativit\u00e1s \u2013 ez a mi titkunk. Egy falat is el\u00e9g, hogy meggy\u0151zz\u00fcnk!<\/span><\/p>\t\t\t\t\t\t\t\t<\/div>\n\t\t\t\t<\/div>\n\t\t\t\t<div class=\"elementor-element elementor-element-6a01888 retete elementor-widget elementor-widget-the7_elements\" data-id=\"6a01888\" data-element_type=\"widget\" data-widget_type=\"the7_elements.default\">\n\t\t\t\t<div class=\"elementor-widget-container\">\n\t\t\t\t\t<div class=\"portfolio-shortcode the7-elementor-widget the7_elements-6a01888 mode-masonry classic-layout-list description-under-image quick-scale-img meta-info-off content-bg-on resize-by-browser-width loading-effect-none jquery-filter\" data-padding=\"40px\" data-mobile-columns-num=\"1\" data-tablet-columns-num=\"2\" data-desktop-columns-num=\"4\" data-wide-desktop-columns-num=\"4\" data-post-limit=\"-1\" data-pagination-mode=\"none\" data-scroll-offset=\"\" aria-live=\"assertive\"><div class=\"iso-container dt-isotope custom-iso-columns\"><div class=\"visible wf-cell iso-item\" data-post-id=\"96660\" data-date=\"2025-04-08T05:19:37+00:00\" data-name=\"Sajtos t\u00e9szta \u2013 Therezia m\u00f3dra\"><article class=\"post visible post-96660 the7_project type-the7_project status-publish has-post-thumbnail hentry\" data-name=\"Sajtos t\u00e9szta \u2013 Therezia m\u00f3dra\" data-date=\"2025-04-08T05:19:37+00:00\">\n\n\t<div class=\"post-thumbnail-wrap\">\n\t\t<div class=\"post-thumbnail\">\n\n\t\t\t<a class=\"post-thumbnail-rollover layzr-bg img-css-resize-wrapper\" aria-label=\"Post image\" href=\"https:\/\/therezia.ro\/hu\/the7_project\/paste-cu-branza-si-slanina-afumata\/\"><img fetchpriority=\"high\" decoding=\"async\" width=\"1610\" height=\"2560\" src=\"data:image\/svg+xml,%3Csvg%20xmlns%3D&#039;http%3A%2F%2Fwww.w3.org%2F2000%2Fsvg&#039;%20viewBox%3D&#039;0%200%201610%202560&#039;%2F%3E\" class=\"attachment-full size-full preload-me aspect lazy lazy-load\" alt=\"\" sizes=\"(max-width: 1610px) 100vw, 1610px\" style=\"--ratio: 1610 \/ 2560;\" data-src=\"https:\/\/therezia.ro\/wp-content\/uploads\/2025\/04\/paste-1-scaled.jpg\" loading=\"eager\" data-srcset=\"https:\/\/therezia.ro\/wp-content\/uploads\/2025\/04\/paste-1-scaled.jpg 1610w, https:\/\/therezia.ro\/wp-content\/uploads\/2025\/04\/paste-1-189x300.jpg 189w, https:\/\/therezia.ro\/wp-content\/uploads\/2025\/04\/paste-1-644x1024.jpg 644w, https:\/\/therezia.ro\/wp-content\/uploads\/2025\/04\/paste-1-768x1221.jpg 768w, https:\/\/therezia.ro\/wp-content\/uploads\/2025\/04\/paste-1-966x1536.jpg 966w, https:\/\/therezia.ro\/wp-content\/uploads\/2025\/04\/paste-1-1288x2048.jpg 1288w, https:\/\/therezia.ro\/wp-content\/uploads\/2025\/04\/paste-1-1200x1908.jpg 1200w\" \/><\/a>\n\t\t<\/div>\n\t<\/div>\n\n\n<div class=\"post-entry-content\">\n\n\t<h3 class=\"ele-entry-title\"><a href=\"https:\/\/therezia.ro\/hu\/the7_project\/paste-cu-branza-si-slanina-afumata\/\" rel=\"bookmark\" title=\"Sajtos t\u00e9szta \u2013 Therezia m\u00f3dra\">Sajtos t\u00e9szta \u2013 Therezia m\u00f3dra<\/a><\/h3><a href=\"https:\/\/therezia.ro\/hu\/the7_project\/paste-cu-branza-si-slanina-afumata\/\" target=\"\" aria-label=\"Read more about Sajtos t\u00e9szta \u2013 Therezia m\u00f3dra\" class=\"box-button elementor-button elementor-size-sm\">Megtekint\u00e9s<\/a>\n<\/div><\/article><\/div><div class=\"visible wf-cell iso-item\" data-post-id=\"96659\" data-date=\"2025-04-08T12:27:11+00:00\" data-name=\"Brokkolikr\u00e9mleves Therezia tejf\u00f6llel\"><article class=\"post visible post-96659 the7_project type-the7_project status-publish has-post-thumbnail hentry\" data-name=\"Brokkolikr\u00e9mleves Therezia tejf\u00f6llel\" data-date=\"2025-04-08T12:27:11+00:00\">\n\n\t<div class=\"post-thumbnail-wrap\">\n\t\t<div class=\"post-thumbnail\">\n\n\t\t\t<a class=\"post-thumbnail-rollover layzr-bg img-css-resize-wrapper\" aria-label=\"Post image\" href=\"https:\/\/therezia.ro\/hu\/the7_project\/supa-crema-de-broccoli-cu-smantana-therezia\/\"><img decoding=\"async\" width=\"1634\" height=\"2560\" src=\"data:image\/svg+xml,%3Csvg%20xmlns%3D&#039;http%3A%2F%2Fwww.w3.org%2F2000%2Fsvg&#039;%20viewBox%3D&#039;0%200%201634%202560&#039;%2F%3E\" class=\"attachment-full size-full preload-me aspect lazy lazy-load\" alt=\"\" sizes=\"(max-width: 1634px) 100vw, 1634px\" style=\"--ratio: 1634 \/ 2560;\" data-src=\"https:\/\/therezia.ro\/wp-content\/uploads\/2025\/04\/Supa-crema-de-broccoli-cu-smantana-Therezia-scaled.jpg\" loading=\"eager\" data-srcset=\"https:\/\/therezia.ro\/wp-content\/uploads\/2025\/04\/Supa-crema-de-broccoli-cu-smantana-Therezia-scaled.jpg 1634w, https:\/\/therezia.ro\/wp-content\/uploads\/2025\/04\/Supa-crema-de-broccoli-cu-smantana-Therezia-192x300.jpg 192w, https:\/\/therezia.ro\/wp-content\/uploads\/2025\/04\/Supa-crema-de-broccoli-cu-smantana-Therezia-654x1024.jpg 654w, https:\/\/therezia.ro\/wp-content\/uploads\/2025\/04\/Supa-crema-de-broccoli-cu-smantana-Therezia-768x1203.jpg 768w, https:\/\/therezia.ro\/wp-content\/uploads\/2025\/04\/Supa-crema-de-broccoli-cu-smantana-Therezia-980x1536.jpg 980w, https:\/\/therezia.ro\/wp-content\/uploads\/2025\/04\/Supa-crema-de-broccoli-cu-smantana-Therezia-1307x2048.jpg 1307w, https:\/\/therezia.ro\/wp-content\/uploads\/2025\/04\/Supa-crema-de-broccoli-cu-smantana-Therezia-1200x1880.jpg 1200w\" \/><\/a>\n\t\t<\/div>\n\t<\/div>\n\n\n<div class=\"post-entry-content\">\n\n\t<h3 class=\"ele-entry-title\"><a href=\"https:\/\/therezia.ro\/hu\/the7_project\/supa-crema-de-broccoli-cu-smantana-therezia\/\" rel=\"bookmark\" title=\"Brokkolikr\u00e9mleves Therezia tejf\u00f6llel\">Brokkolikr\u00e9mleves Therezia tejf\u00f6llel<\/a><\/h3><a href=\"https:\/\/therezia.ro\/hu\/the7_project\/supa-crema-de-broccoli-cu-smantana-therezia\/\" target=\"\" aria-label=\"Read more about Brokkolikr\u00e9mleves Therezia tejf\u00f6llel\" class=\"box-button elementor-button elementor-size-sm\">Megtekint\u00e9s<\/a>\n<\/div><\/article><\/div><div class=\"visible wf-cell iso-item\" data-post-id=\"96658\" data-date=\"2025-04-08T12:29:17+00:00\" data-name=\"Fond\u00fc Therezia sajtokb\u00f3l\"><article class=\"post visible post-96658 the7_project type-the7_project status-publish has-post-thumbnail hentry\" data-name=\"Fond\u00fc Therezia sajtokb\u00f3l\" data-date=\"2025-04-08T12:29:17+00:00\">\n\n\t<div class=\"post-thumbnail-wrap\">\n\t\t<div class=\"post-thumbnail\">\n\n\t\t\t<a class=\"post-thumbnail-rollover layzr-bg img-css-resize-wrapper\" aria-label=\"Post image\" href=\"https:\/\/therezia.ro\/hu\/the7_project\/fondue-cu-branzeturi-therezia\/\"><img decoding=\"async\" width=\"1635\" height=\"2560\" src=\"data:image\/svg+xml,%3Csvg%20xmlns%3D&#039;http%3A%2F%2Fwww.w3.org%2F2000%2Fsvg&#039;%20viewBox%3D&#039;0%200%201635%202560&#039;%2F%3E\" class=\"attachment-full size-full preload-me aspect lazy lazy-load\" alt=\"\" sizes=\"(max-width: 1635px) 100vw, 1635px\" style=\"--ratio: 1635 \/ 2560;\" data-src=\"https:\/\/therezia.ro\/wp-content\/uploads\/2025\/04\/fundue-scaled.jpg\" loading=\"eager\" data-srcset=\"https:\/\/therezia.ro\/wp-content\/uploads\/2025\/04\/fundue-scaled.jpg 1635w, https:\/\/therezia.ro\/wp-content\/uploads\/2025\/04\/fundue-192x300.jpg 192w, https:\/\/therezia.ro\/wp-content\/uploads\/2025\/04\/fundue-654x1024.jpg 654w, https:\/\/therezia.ro\/wp-content\/uploads\/2025\/04\/fundue-768x1202.jpg 768w, https:\/\/therezia.ro\/wp-content\/uploads\/2025\/04\/fundue-981x1536.jpg 981w, https:\/\/therezia.ro\/wp-content\/uploads\/2025\/04\/fundue-1308x2048.jpg 1308w, https:\/\/therezia.ro\/wp-content\/uploads\/2025\/04\/fundue-1200x1879.jpg 1200w\" \/><\/a>\n\t\t<\/div>\n\t<\/div>\n\n\n<div class=\"post-entry-content\">\n\n\t<h3 class=\"ele-entry-title\"><a href=\"https:\/\/therezia.ro\/hu\/the7_project\/fondue-cu-branzeturi-therezia\/\" rel=\"bookmark\" title=\"Fond\u00fc Therezia sajtokb\u00f3l\">Fond\u00fc Therezia sajtokb\u00f3l<\/a><\/h3><a href=\"https:\/\/therezia.ro\/hu\/the7_project\/fondue-cu-branzeturi-therezia\/\" target=\"\" aria-label=\"Read more about Fond\u00fc Therezia sajtokb\u00f3l\" class=\"box-button elementor-button elementor-size-sm\">Megtekint\u00e9s<\/a>\n<\/div><\/article><\/div><div class=\"visible wf-cell iso-item\" data-post-id=\"96532\" data-date=\"2025-04-08T12:35:06+00:00\" data-name=\"Brokkolis t\u00e9szta Therezia sajtokkal\"><article class=\"post visible post-96532 the7_project type-the7_project status-publish has-post-thumbnail hentry\" data-name=\"Brokkolis t\u00e9szta Therezia sajtokkal\" data-date=\"2025-04-08T12:35:06+00:00\">\n\n\t<div class=\"post-thumbnail-wrap\">\n\t\t<div class=\"post-thumbnail\">\n\n\t\t\t<a class=\"post-thumbnail-rollover layzr-bg img-css-resize-wrapper\" aria-label=\"Post image\" href=\"https:\/\/therezia.ro\/hu\/the7_project\/paste-cu-broccoli-si-branzeturi-therezia\/\"><img decoding=\"async\" width=\"1634\" height=\"2560\" src=\"data:image\/svg+xml,%3Csvg%20xmlns%3D&#039;http%3A%2F%2Fwww.w3.org%2F2000%2Fsvg&#039;%20viewBox%3D&#039;0%200%201634%202560&#039;%2F%3E\" class=\"attachment-full size-full preload-me aspect lazy lazy-load\" alt=\"\" sizes=\"(max-width: 1634px) 100vw, 1634px\" style=\"--ratio: 1634 \/ 2560;\" data-src=\"https:\/\/therezia.ro\/wp-content\/uploads\/2025\/04\/paste-cu-brocoli-scaled.jpg\" loading=\"eager\" data-srcset=\"https:\/\/therezia.ro\/wp-content\/uploads\/2025\/04\/paste-cu-brocoli-scaled.jpg 1634w, https:\/\/therezia.ro\/wp-content\/uploads\/2025\/04\/paste-cu-brocoli-192x300.jpg 192w, https:\/\/therezia.ro\/wp-content\/uploads\/2025\/04\/paste-cu-brocoli-654x1024.jpg 654w, https:\/\/therezia.ro\/wp-content\/uploads\/2025\/04\/paste-cu-brocoli-768x1203.jpg 768w, https:\/\/therezia.ro\/wp-content\/uploads\/2025\/04\/paste-cu-brocoli-980x1536.jpg 980w, https:\/\/therezia.ro\/wp-content\/uploads\/2025\/04\/paste-cu-brocoli-1307x2048.jpg 1307w, https:\/\/therezia.ro\/wp-content\/uploads\/2025\/04\/paste-cu-brocoli-1200x1880.jpg 1200w\" \/><\/a>\n\t\t<\/div>\n\t<\/div>\n\n\n<div class=\"post-entry-content\">\n\n\t<h3 class=\"ele-entry-title\"><a href=\"https:\/\/therezia.ro\/hu\/the7_project\/paste-cu-broccoli-si-branzeturi-therezia\/\" rel=\"bookmark\" title=\"Brokkolis t\u00e9szta Therezia sajtokkal\">Brokkolis t\u00e9szta Therezia sajtokkal<\/a><\/h3><a href=\"https:\/\/therezia.ro\/hu\/the7_project\/paste-cu-broccoli-si-branzeturi-therezia\/\" target=\"\" aria-label=\"Read more about Brokkolis t\u00e9szta Therezia sajtokkal\" class=\"box-button elementor-button elementor-size-sm\">Megtekint\u00e9s<\/a>\n<\/div><\/article><\/div><\/div><!-- iso-container|iso-grid --><\/div>\t\t\t\t<\/div>\n\t\t\t\t<\/div>\n\t\t\t\t\t<\/div>\n\t\t\t\t<\/div>\n\t\t\t\t<\/div>\n\t\t","protected":false},"excerpt":{"rendered":"<p>Fond\u00fc Therezia sajtokb\u00f3l Hozz\u00e1val\u00f3k: 200 g Therezia sajt 150 g olvasztott Therezia sajt (vagy burduf t\u00far\u00f3 az intenz\u00edvebb \u00edz\u00e9rt) 100 ml Therezia tejf\u00f6l 100 ml tej (vagy v\u00edz, ha k\u00f6nnyedebb v\u00e1ltozatot szeretn\u00e9l) 1 ev\u0151kan\u00e1l vaj 1 te\u00e1skan\u00e1l \u00e9tkez\u00e9si kem\u00e9ny\u00edt\u0151 (opcion\u00e1lis, a text\u00far\u00e1hoz) Egy csipet szerecsendi\u00f3 S\u00f3 \u00e9s bors \u00edzl\u00e9s szerint (Opcion\u00e1lisan) 1 gerezd fokhagyma \u2013&hellip;<\/p>\n","protected":false},"featured_media":96061,"template":"elementor_header_footer","meta":{"inline_featured_image":false},"the7_project_category":[],"class_list":["post-96658","the7_project","type-the7_project","status-publish","has-post-thumbnail","hentry"],"_links":{"self":[{"href":"https:\/\/therezia.ro\/hu\/wp-json\/wp\/v2\/the7_project\/96658","targetHints":{"allow":["GET"]}}],"collection":[{"href":"https:\/\/therezia.ro\/hu\/wp-json\/wp\/v2\/the7_project"}],"about":[{"href":"https:\/\/therezia.ro\/hu\/wp-json\/wp\/v2\/types\/the7_project"}],"version-history":[{"count":17,"href":"https:\/\/therezia.ro\/hu\/wp-json\/wp\/v2\/the7_project\/96658\/revisions"}],"predecessor-version":[{"id":97158,"href":"https:\/\/therezia.ro\/hu\/wp-json\/wp\/v2\/the7_project\/96658\/revisions\/97158"}],"wp:featuredmedia":[{"embeddable":true,"href":"https:\/\/therezia.ro\/hu\/wp-json\/wp\/v2\/media\/96061"}],"wp:attachment":[{"href":"https:\/\/therezia.ro\/hu\/wp-json\/wp\/v2\/media?parent=96658"}],"wp:term":[{"taxonomy":"the7_project_category","embeddable":true,"href":"https:\/\/therezia.ro\/hu\/wp-json\/wp\/v2\/the7_project_category?post=96658"}],"curies":[{"name":"wp","href":"https:\/\/api.w.org\/{rel}","templated":true}]}}